{"id":549,"date":"2020-04-08T13:20:40","date_gmt":"2020-04-08T13:20:40","guid":{"rendered":"https:\/\/marxantsdemuntanyes.cat\/serveis\/"},"modified":"2024-02-25T16:48:44","modified_gmt":"2024-02-25T16:48:44","slug":"servicios","status":"publish","type":"page","link":"https:\/\/marxantsdemuntanyes.cat\/es\/servicios\/","title":{"rendered":"Servicios"},"content":{"rendered":"\n<style type=\"text\/css\" data-created_by=\"avia_inline_auto\" id=\"style-css-av-sgx11-e85dbcff1c7803edd074f51bc212a504\">\n#top .av-special-heading.av-sgx11-e85dbcff1c7803edd074f51bc212a504{\npadding-bottom:10px;\n}\nbody .av-special-heading.av-sgx11-e85dbcff1c7803edd074f51bc212a504 .av-special-heading-tag .heading-char{\nfont-size:25px;\n}\n.av-special-heading.av-sgx11-e85dbcff1c7803edd074f51bc212a504 .av-subheading{\nfont-size:15px;\n}\n<\/style>\n<div  class='av-special-heading av-sgx11-e85dbcff1c7803edd074f51bc212a504 av-special-heading-h1 blockquote modern-quote modern-centered  avia-builder-el-0  el_before_av_one_full  avia-builder-el-first '><h1 class='av-special-heading-tag '  itemprop=\"headline\"  >Servicios<\/h1><div class=\"special-heading-border\"><div class=\"special-heading-inner-border\"><\/div><\/div><\/div>\n\n<style type=\"text\/css\" data-created_by=\"avia_inline_auto\" id=\"style-css-av-1d5tv-33f8c9928fff1b0f373ae80f3adc31d7\">\n.flex_column.av-1d5tv-33f8c9928fff1b0f373ae80f3adc31d7{\nborder-radius:0px 0px 0px 0px;\npadding:0px 0px 0px 0px;\n}\n<\/style>\n<div  class='flex_column av-1d5tv-33f8c9928fff1b0f373ae80f3adc31d7 av_one_full  avia-builder-el-1  el_after_av_heading  el_before_av_one_third  first flex_column_div av-zero-column-padding  '     ><section  class='av_textblock_section av-k8rdlvrl-30dcf8538f3e1917d56eca9f473e08f9 '   itemscope=\"itemscope\" itemtype=\"https:\/\/schema.org\/CreativeWork\" ><div class='avia_textblock'  itemprop=\"text\" ><p class=\"has-text-align-justify\" style=\"text-align: center;\">Les ofrecemos la oportunidad de acercaros al medio natural, a ense\u00f1aros y aconsejaros para disfrutar de este mismo, sea con nuestras <strong>excursiones guiadas<\/strong> con explicaciones de la zona (fauna, flora, geograf\u00eda i geolog\u00eda, historia, leyendas\u2026), de la misma manera lo hacemos con <strong>trekkings<\/strong>\u00a0individuales o en grupo, propuestos por nosotros o bien planificando alguno de vuestros proyectos que quer\u00e1is compartir con nosotros y llevar a cabo. Tambi\u00e9n ofrecemos distinta formaci\u00f3n en conceptos de monta\u00f1a para todos los niveles.<\/p>\n<\/div><\/section><\/div>\n\n<style type=\"text\/css\" data-created_by=\"avia_inline_auto\" id=\"style-css-av-21o07-78c56981e683031b22fc5e32ab7ba718\">\n.flex_column.av-21o07-78c56981e683031b22fc5e32ab7ba718{\nborder-radius:0px 0px 0px 0px;\npadding:0px 0px 0px 0px;\n}\n<\/style>\n<div  class='flex_column av-21o07-78c56981e683031b22fc5e32ab7ba718 av_one_third  avia-builder-el-3  el_after_av_one_full  el_before_av_one_third  first flex_column_div av-zero-column-padding  column-top-margin'     ><p>\n<style type=\"text\/css\" data-created_by=\"avia_inline_auto\" id=\"style-css-av-k8rdmwnt-b15863e9b554923d59bdf29e580c3f2d\">\n.avia-image-container.av-k8rdmwnt-b15863e9b554923d59bdf29e580c3f2d img.avia_image{\nbox-shadow:none;\n}\n.avia-image-container.av-k8rdmwnt-b15863e9b554923d59bdf29e580c3f2d .av-image-caption-overlay-center{\ncolor:#ffffff;\n}\n<\/style>\n<div  class='avia-image-container av-k8rdmwnt-b15863e9b554923d59bdf29e580c3f2d av-styling- av-img-linked avia-align-center  avia-builder-el-4  el_before_av_heading  avia-builder-el-first '   itemprop=\"image\" itemscope=\"itemscope\" itemtype=\"https:\/\/schema.org\/ImageObject\" ><div class=\"avia-image-container-inner\"><div class=\"avia-image-overlay-wrap\"><a href=\"https:\/\/marxantsdemuntanyes.cat\/serveis\/activitats-per-escolars\/\" class='avia_image '  aria-label='IMG_20190409_131106'><img decoding=\"async\" fetchpriority=\"high\" class='wp-image-461 avia-img-lazy-loading-not-461 avia_image ' src=\"https:\/\/marxantsdemuntanyes.cat\/wp-content\/uploads\/2020\/04\/IMG_20190409_131106-e1586466017901-180x180.jpg\" alt='' title='IMG_20190409_131106'  height=\"180\" width=\"180\"  itemprop=\"thumbnailUrl\" srcset=\"https:\/\/marxantsdemuntanyes.cat\/wp-content\/uploads\/2020\/04\/IMG_20190409_131106-e1586466017901-180x180.jpg 180w, https:\/\/marxantsdemuntanyes.cat\/wp-content\/uploads\/2020\/04\/IMG_20190409_131106-e1586466017901-80x80.jpg 80w, https:\/\/marxantsdemuntanyes.cat\/wp-content\/uploads\/2020\/04\/IMG_20190409_131106-e1586466017901-36x36.jpg 36w\" sizes=\"(max-width: 180px) 100vw, 180px\" \/><\/a><\/div><\/div><\/div><br \/>\n\n<style type=\"text\/css\" data-created_by=\"avia_inline_auto\" id=\"style-css-av-mryxx-f53dbc915e29af4c80a447b3cbc82b8a\">\n#top .av-special-heading.av-mryxx-f53dbc915e29af4c80a447b3cbc82b8a{\npadding-bottom:10px;\n}\nbody .av-special-heading.av-mryxx-f53dbc915e29af4c80a447b3cbc82b8a .av-special-heading-tag .heading-char{\nfont-size:25px;\n}\n.av-special-heading.av-mryxx-f53dbc915e29af4c80a447b3cbc82b8a .av-subheading{\nfont-size:15px;\n}\n<\/style>\n<div  class='av-special-heading av-mryxx-f53dbc915e29af4c80a447b3cbc82b8a av-special-heading-h2 blockquote modern-quote modern-centered  avia-builder-el-5  el_after_av_image  el_before_av_textblock '><h2 class='av-special-heading-tag '  itemprop=\"headline\"  >ACTIVIDADES PARA ESCOLARES<\/h2><div class=\"special-heading-border\"><div class=\"special-heading-inner-border\"><\/div><\/div><\/div><br \/>\n<section  class='av_textblock_section av-k8rdlvrl-3dca3e48bb6cbc1c2d325d2f926e01d3 '   itemscope=\"itemscope\" itemtype=\"https:\/\/schema.org\/CreativeWork\" ><div class='avia_textblock'  itemprop=\"text\" ><p class=\"has-text-align-justify\" style=\"text-align: center;\" align=\"center\">Actividades en los centros escolares, como en col\u00f2nias escolares, salidas de uno o dos dias&#8230;Hacemos des de actividades deportivas como vias ferradas, barrancos, raquetas de nieve&#8230; como tambien actividades de educacion ambiental, a partir de juegos, talleres y excursiones.<\/p>\n<p style=\"text-align: center;\" align=\"center\"><a href=\"https:\/\/marxantsdemuntanyes.cat\/es\/servicios\/actividades-entre-semana\/\">Mas informaci\u00f3n<\/a><\/p>\n<\/div><\/section><\/p><\/div>\n<style type=\"text\/css\" data-created_by=\"avia_inline_auto\" id=\"style-css-av-1g6s3-83c013df4e24ef11dd3f859c6fb597db\">\n.flex_column.av-1g6s3-83c013df4e24ef11dd3f859c6fb597db{\nborder-radius:0px 0px 0px 0px;\npadding:0px 0px 0px 0px;\n}\n<\/style>\n<div  class='flex_column av-1g6s3-83c013df4e24ef11dd3f859c6fb597db av_one_third  avia-builder-el-7  el_after_av_one_third  el_before_av_one_third  flex_column_div av-zero-column-padding  column-top-margin'     ><p>\n<style type=\"text\/css\" data-created_by=\"avia_inline_auto\" id=\"style-css-av-k8rdmwnt-c7104e68a2f9797722fa056afaee3874\">\n.avia-image-container.av-k8rdmwnt-c7104e68a2f9797722fa056afaee3874 img.avia_image{\nbox-shadow:none;\n}\n.avia-image-container.av-k8rdmwnt-c7104e68a2f9797722fa056afaee3874 .av-image-caption-overlay-center{\ncolor:#ffffff;\n}\n<\/style>\n<div  class='avia-image-container av-k8rdmwnt-c7104e68a2f9797722fa056afaee3874 av-styling- av-img-linked avia-align-center  avia-builder-el-8  el_before_av_heading  avia-builder-el-first '   itemprop=\"image\" itemscope=\"itemscope\" itemtype=\"https:\/\/schema.org\/ImageObject\" ><div class=\"avia-image-container-inner\"><div class=\"avia-image-overlay-wrap\"><a href=\"https:\/\/marxantsdemuntanyes.cat\/serveis\/travesses-trekkings\/\" class='avia_image '  aria-label='IMG_20190524_131605'><img decoding=\"async\" fetchpriority=\"high\" class='wp-image-462 avia-img-lazy-loading-not-462 avia_image ' src=\"https:\/\/marxantsdemuntanyes.cat\/wp-content\/uploads\/2020\/04\/IMG_20190524_131605-e1586465827160-180x180.jpg\" alt='' title='IMG_20190524_131605'  height=\"180\" width=\"180\"  itemprop=\"thumbnailUrl\" srcset=\"https:\/\/marxantsdemuntanyes.cat\/wp-content\/uploads\/2020\/04\/IMG_20190524_131605-e1586465827160-180x180.jpg 180w, https:\/\/marxantsdemuntanyes.cat\/wp-content\/uploads\/2020\/04\/IMG_20190524_131605-e1586465827160-80x80.jpg 80w, https:\/\/marxantsdemuntanyes.cat\/wp-content\/uploads\/2020\/04\/IMG_20190524_131605-e1586465827160-36x36.jpg 36w\" sizes=\"(max-width: 180px) 100vw, 180px\" \/><\/a><\/div><\/div><\/div><br \/>\n\n<style type=\"text\/css\" data-created_by=\"avia_inline_auto\" id=\"style-css-av-ex3at-dbbcb0609955772c1492e9963445cf95\">\n#top .av-special-heading.av-ex3at-dbbcb0609955772c1492e9963445cf95{\npadding-bottom:10px;\n}\nbody .av-special-heading.av-ex3at-dbbcb0609955772c1492e9963445cf95 .av-special-heading-tag .heading-char{\nfont-size:25px;\n}\n.av-special-heading.av-ex3at-dbbcb0609955772c1492e9963445cf95 .av-subheading{\nfont-size:15px;\n}\n<\/style>\n<div  class='av-special-heading av-ex3at-dbbcb0609955772c1492e9963445cf95 av-special-heading-h2 blockquote modern-quote modern-centered  avia-builder-el-9  el_after_av_image  el_before_av_textblock '><h2 class='av-special-heading-tag '  itemprop=\"headline\"  >TREKKINGS<\/h2><div class=\"special-heading-border\"><div class=\"special-heading-inner-border\"><\/div><\/div><\/div><br \/>\n<section  class='av_textblock_section av-k8rdlvrl-30dcf8538f3e1917d56eca9f473e08f9 '   itemscope=\"itemscope\" itemtype=\"https:\/\/schema.org\/CreativeWork\" ><div class='avia_textblock'  itemprop=\"text\" ><p>Les acompa\u00f1amos o asesoramos para hacer el trekking que quer\u00e1is, sea alguno que tengas en mente o alguno de los que ofrecemos en esta secci\u00f3n.<\/p>\n<p style=\"text-align: center;\"><a href=\"https:\/\/marxantsdemuntanyes.cat\/es\/servicios\/trekkings\/\">Mas informaci\u00f3n<\/a><\/p>\n<\/div><\/section><\/p><\/div>\n<style type=\"text\/css\" data-created_by=\"avia_inline_auto\" id=\"style-css-av-p6sf-cd501cd978a35b901c070497f6157f35\">\n.flex_column.av-p6sf-cd501cd978a35b901c070497f6157f35{\nborder-radius:0px 0px 0px 0px;\npadding:0px 0px 0px 0px;\n}\n<\/style>\n<div  class='flex_column av-p6sf-cd501cd978a35b901c070497f6157f35 av_one_third  avia-builder-el-11  el_after_av_one_third  el_before_av_one_third  flex_column_div av-zero-column-padding  column-top-margin'     ><p>\n<style type=\"text\/css\" data-created_by=\"avia_inline_auto\" id=\"style-css-av-k8rdmwnt-d8bf37c9475e59093865663b20506bf6\">\n.avia-image-container.av-k8rdmwnt-d8bf37c9475e59093865663b20506bf6 img.avia_image{\nbox-shadow:none;\n}\n.avia-image-container.av-k8rdmwnt-d8bf37c9475e59093865663b20506bf6 .av-image-caption-overlay-center{\ncolor:#ffffff;\n}\n<\/style>\n<div  class='avia-image-container av-k8rdmwnt-d8bf37c9475e59093865663b20506bf6 av-styling- av-img-linked avia-align-center  avia-builder-el-12  el_before_av_heading  avia-builder-el-first '   itemprop=\"image\" itemscope=\"itemscope\" itemtype=\"https:\/\/schema.org\/ImageObject\" ><div class=\"avia-image-container-inner\"><div class=\"avia-image-overlay-wrap\"><a href=\"https:\/\/marxantsdemuntanyes.cat\/serveis\/formacio-de-muntanya\/\" class='avia_image '  aria-label='20190320_171759'><img decoding=\"async\" fetchpriority=\"high\" class='wp-image-465 avia-img-lazy-loading-not-465 avia_image ' src=\"https:\/\/marxantsdemuntanyes.cat\/wp-content\/uploads\/2020\/04\/20190320_171759-180x180.jpg\" alt='' title='20190320_171759'  height=\"180\" width=\"180\"  itemprop=\"thumbnailUrl\" srcset=\"https:\/\/marxantsdemuntanyes.cat\/wp-content\/uploads\/2020\/04\/20190320_171759-180x180.jpg 180w, https:\/\/marxantsdemuntanyes.cat\/wp-content\/uploads\/2020\/04\/20190320_171759-80x80.jpg 80w, https:\/\/marxantsdemuntanyes.cat\/wp-content\/uploads\/2020\/04\/20190320_171759-36x36.jpg 36w\" sizes=\"(max-width: 180px) 100vw, 180px\" \/><\/a><\/div><\/div><\/div><br \/>\n\n<style type=\"text\/css\" data-created_by=\"avia_inline_auto\" id=\"style-css-av-bw3ot-f9c91de514995c97a92ad95519b7bcf9\">\n#top .av-special-heading.av-bw3ot-f9c91de514995c97a92ad95519b7bcf9{\npadding-bottom:10px;\n}\nbody .av-special-heading.av-bw3ot-f9c91de514995c97a92ad95519b7bcf9 .av-special-heading-tag .heading-char{\nfont-size:25px;\n}\n.av-special-heading.av-bw3ot-f9c91de514995c97a92ad95519b7bcf9 .av-subheading{\nfont-size:15px;\n}\n<\/style>\n<div  class='av-special-heading av-bw3ot-f9c91de514995c97a92ad95519b7bcf9 av-special-heading-h2 blockquote modern-quote modern-centered  avia-builder-el-13  el_after_av_image  el_before_av_textblock '><h2 class='av-special-heading-tag '  itemprop=\"headline\"  >FORMACION DE MONTANYA<\/h2><div class=\"special-heading-border\"><div class=\"special-heading-inner-border\"><\/div><\/div><\/div><br \/>\n<section  class='av_textblock_section av-k8rdlvrl-30dcf8538f3e1917d56eca9f473e08f9 '   itemscope=\"itemscope\" itemtype=\"https:\/\/schema.org\/CreativeWork\" ><div class='avia_textblock'  itemprop=\"text\" ><p style=\"text-align: center;\">Inf\u00f3rmate de las distintas formaciones que hacemos, sea en terreno estival o sea en terreno invernal, y si no encuentras lo que buscas, puedes contactar con nosotros y la hacemos a medida!<\/p>\n<p style=\"text-align: center;\"><a href=\"https:\/\/marxantsdemuntanyes.cat\/es\/servicios\/formacion-de-montana\/\">Mas informaci\u00f3n<\/a><\/p>\n<\/div><\/section><\/p><\/div>\n<style type=\"text\/css\" data-created_by=\"avia_inline_auto\" id=\"style-css-av-hoirx-71cb47f789f4d36beb49fbeeebfeb1d3\">\n.flex_column.av-hoirx-71cb47f789f4d36beb49fbeeebfeb1d3{\nborder-radius:0px 0px 0px 0px;\npadding:0px 0px 0px 0px;\n}\n<\/style>\n<div  class='flex_column av-hoirx-71cb47f789f4d36beb49fbeeebfeb1d3 av_one_third  avia-builder-el-15  el_after_av_one_third  el_before_av_one_third  first flex_column_div av-zero-column-padding  column-top-margin'     ><p>\n<style type=\"text\/css\" data-created_by=\"avia_inline_auto\" id=\"style-css-av-ks5rbw5n-150301101252544413cc825a34fb3681\">\n.avia-image-container.av-ks5rbw5n-150301101252544413cc825a34fb3681 img.avia_image{\nbox-shadow:none;\n}\n.avia-image-container.av-ks5rbw5n-150301101252544413cc825a34fb3681 .av-image-caption-overlay-center{\ncolor:#ffffff;\n}\n<\/style>\n<div  class='avia-image-container av-ks5rbw5n-150301101252544413cc825a34fb3681 av-styling- av-img-linked avia-align-center  avia-builder-el-16  el_before_av_heading  avia-builder-el-first '   itemprop=\"image\" itemscope=\"itemscope\" itemtype=\"https:\/\/schema.org\/ImageObject\" ><div class=\"avia-image-container-inner\"><div class=\"avia-image-overlay-wrap\"><a href=\"https:\/\/marxantsdemuntanyes.cat\/es\/servicios\/formacion-de-montana\/\" class='avia_image '  aria-label='P6180070'><img decoding=\"async\" fetchpriority=\"high\" class='wp-image-961 avia-img-lazy-loading-not-961 avia_image ' src=\"https:\/\/marxantsdemuntanyes.cat\/wp-content\/uploads\/2021\/08\/P6180070-180x180.jpg\" alt='' title='P6180070'  height=\"180\" width=\"180\"  itemprop=\"thumbnailUrl\" srcset=\"https:\/\/marxantsdemuntanyes.cat\/wp-content\/uploads\/2021\/08\/P6180070-180x180.jpg 180w, https:\/\/marxantsdemuntanyes.cat\/wp-content\/uploads\/2021\/08\/P6180070-300x300.jpg 300w, https:\/\/marxantsdemuntanyes.cat\/wp-content\/uploads\/2021\/08\/P6180070-1030x1030.jpg 1030w, https:\/\/marxantsdemuntanyes.cat\/wp-content\/uploads\/2021\/08\/P6180070-80x80.jpg 80w, https:\/\/marxantsdemuntanyes.cat\/wp-content\/uploads\/2021\/08\/P6180070-768x768.jpg 768w, https:\/\/marxantsdemuntanyes.cat\/wp-content\/uploads\/2021\/08\/P6180070-1536x1536.jpg 1536w, https:\/\/marxantsdemuntanyes.cat\/wp-content\/uploads\/2021\/08\/P6180070-36x36.jpg 36w, https:\/\/marxantsdemuntanyes.cat\/wp-content\/uploads\/2021\/08\/P6180070-1500x1500.jpg 1500w, https:\/\/marxantsdemuntanyes.cat\/wp-content\/uploads\/2021\/08\/P6180070-705x705.jpg 705w, https:\/\/marxantsdemuntanyes.cat\/wp-content\/uploads\/2021\/08\/P6180070.jpg 1920w\" sizes=\"(max-width: 180px) 100vw, 180px\" \/><\/a><\/div><\/div><\/div><br \/>\n\n<style type=\"text\/css\" data-created_by=\"avia_inline_auto\" id=\"style-css-av-ks5rc6xu-64c6617132d729114a049b47fc07750f\">\n#top .av-special-heading.av-ks5rc6xu-64c6617132d729114a049b47fc07750f{\npadding-bottom:10px;\n}\nbody .av-special-heading.av-ks5rc6xu-64c6617132d729114a049b47fc07750f .av-special-heading-tag .heading-char{\nfont-size:25px;\n}\n.av-special-heading.av-ks5rc6xu-64c6617132d729114a049b47fc07750f .av-subheading{\nfont-size:15px;\n}\n<\/style>\n<div  class='av-special-heading av-ks5rc6xu-64c6617132d729114a049b47fc07750f av-special-heading-h2 blockquote modern-quote modern-centered  avia-builder-el-17  el_after_av_image  el_before_av_textblock '><h2 class='av-special-heading-tag '  itemprop=\"headline\"  >BARRANQUISMO<\/h2><div class=\"special-heading-border\"><div class=\"special-heading-inner-border\"><\/div><\/div><\/div><br \/>\n<section  class='av_textblock_section av-ks5rgn77-a9643e15467e5783f24dda50b294812a '   itemscope=\"itemscope\" itemtype=\"https:\/\/schema.org\/CreativeWork\" ><div class='avia_textblock'  itemprop=\"text\" ><p style=\"text-align: center;\">Te acompa\u00f1amos a vivir tu experiencia en tu primer barranco o tambi\u00e9n a lograr alg\u00fan barranco en concreto que quieras realizar ya sea en el Pirineo, la Sierra de Guara&#8230;\u00a0 Con nosotros aprender\u00e1s a moverte por este medio acu\u00e1tico y te lo vas a pasar muy bien contacta con nosotros!<\/p>\n<p style=\"text-align: center;\"><a href=\"https:\/\/marxantsdemuntanyes.cat\/pagina-en-construccio\/\">Mas informaci\u00f3n<\/a><\/p>\n<\/div><\/section><\/p><\/div>\n<style type=\"text\/css\" data-created_by=\"avia_inline_auto\" id=\"style-css-av-av_one_third-49f6e875884219cf77c24341e550af53\">\n.flex_column.av-av_one_third-49f6e875884219cf77c24341e550af53{\nborder-radius:0px 0px 0px 0px;\npadding:0px 0px 0px 0px;\n}\n<\/style>\n<div  class='flex_column av-av_one_third-49f6e875884219cf77c24341e550af53 av_one_third  avia-builder-el-19  el_after_av_one_third  el_before_av_one_third  flex_column_div av-zero-column-padding  column-top-margin'     ><p>\n<style type=\"text\/css\" data-created_by=\"avia_inline_auto\" id=\"style-css-av-lt1qcoxc-c2483067b4f3d7b09d81fdb94ccd61bc\">\n.avia-image-container.av-lt1qcoxc-c2483067b4f3d7b09d81fdb94ccd61bc img.avia_image{\nbox-shadow:none;\n}\n.avia-image-container.av-lt1qcoxc-c2483067b4f3d7b09d81fdb94ccd61bc .av-image-caption-overlay-center{\ncolor:#ffffff;\n}\n<\/style>\n<div  class='avia-image-container av-lt1qcoxc-c2483067b4f3d7b09d81fdb94ccd61bc av-styling- av-img-linked avia-align-center  avia-builder-el-20  el_before_av_heading  avia-builder-el-first '   itemprop=\"image\" itemscope=\"itemscope\" itemtype=\"https:\/\/schema.org\/ImageObject\" ><div class=\"avia-image-container-inner\"><div class=\"avia-image-overlay-wrap\"><a href=\"https:\/\/marxantsdemuntanyes.cat\/es\/servicios\/formacion-de-montana\/\" class='avia_image '  aria-label='IMG_20220416_115747'><img decoding=\"async\" fetchpriority=\"high\" class='wp-image-1155 avia-img-lazy-loading-not-1155 avia_image ' src=\"https:\/\/marxantsdemuntanyes.cat\/wp-content\/uploads\/2024\/02\/IMG_20220416_115747-180x180.jpg\" alt='' title='IMG_20220416_115747'  height=\"180\" width=\"180\"  itemprop=\"thumbnailUrl\" srcset=\"https:\/\/marxantsdemuntanyes.cat\/wp-content\/uploads\/2024\/02\/IMG_20220416_115747-180x180.jpg 180w, https:\/\/marxantsdemuntanyes.cat\/wp-content\/uploads\/2024\/02\/IMG_20220416_115747-80x80.jpg 80w, https:\/\/marxantsdemuntanyes.cat\/wp-content\/uploads\/2024\/02\/IMG_20220416_115747-36x36.jpg 36w\" sizes=\"(max-width: 180px) 100vw, 180px\" \/><\/a><\/div><\/div><\/div><br \/>\n\n<style type=\"text\/css\" data-created_by=\"avia_inline_auto\" id=\"style-css-av-lt1qbvw8-1705e6d1fff600165b264f765fbfc862\">\n#top .av-special-heading.av-lt1qbvw8-1705e6d1fff600165b264f765fbfc862{\npadding-bottom:10px;\n}\nbody .av-special-heading.av-lt1qbvw8-1705e6d1fff600165b264f765fbfc862 .av-special-heading-tag .heading-char{\nfont-size:25px;\n}\n.av-special-heading.av-lt1qbvw8-1705e6d1fff600165b264f765fbfc862 .av-subheading{\nfont-size:15px;\n}\n<\/style>\n<div  class='av-special-heading av-lt1qbvw8-1705e6d1fff600165b264f765fbfc862 av-special-heading-h2 blockquote modern-quote modern-centered  avia-builder-el-21  el_after_av_image  el_before_av_textblock '><h2 class='av-special-heading-tag '  itemprop=\"headline\"  >VIAS FERRADAS<\/h2><div class=\"special-heading-border\"><div class=\"special-heading-inner-border\"><\/div><\/div><\/div><br \/>\n<section  class='av_textblock_section av-lt1qs45o-88ff56738e97657370191ae5e29f0e0c '   itemscope=\"itemscope\" itemtype=\"https:\/\/schema.org\/CreativeWork\" ><div class='avia_textblock'  itemprop=\"text\" ><p style=\"text-align: center;\">Te acompa\u00f1amos a vivir tu experiencia en tu primera via ferrada o tambi\u00e9n a lograr alg\u00fana via ferrada en concreto que quieras realizar ya sea en qualquier lugar, solo o en familia, hay vias ferradas para todas las edades.\u00a0 Con nosotros aprender\u00e1s a moverte de forma segura y te lo vas a pasar muy bien, contacta con nosotros!<\/p>\n<p style=\"text-align: center;\"><a href=\"https:\/\/marxantsdemuntanyes.cat\/pagina-en-construccio\/\">Mas informaci\u00f3n<\/a><\/p>\n<\/div><\/section><\/p><\/div>\n<style type=\"text\/css\" data-created_by=\"avia_inline_auto\" id=\"style-css-av-av_one_third-49f6e875884219cf77c24341e550af53\">\n.flex_column.av-av_one_third-49f6e875884219cf77c24341e550af53{\nborder-radius:0px 0px 0px 0px;\npadding:0px 0px 0px 0px;\n}\n<\/style>\n<div  class='flex_column av-av_one_third-49f6e875884219cf77c24341e550af53 av_one_third  avia-builder-el-23  el_after_av_one_third  avia-builder-el-last  flex_column_div av-zero-column-padding  column-top-margin'     ><p>\n<style type=\"text\/css\" data-created_by=\"avia_inline_auto\" id=\"style-css-av-lt1qo8qa-7be5e83326a18b4dd73a5768c7fd9ce4\">\n.avia-image-container.av-lt1qo8qa-7be5e83326a18b4dd73a5768c7fd9ce4 img.avia_image{\nbox-shadow:none;\n}\n.avia-image-container.av-lt1qo8qa-7be5e83326a18b4dd73a5768c7fd9ce4 .av-image-caption-overlay-center{\ncolor:#ffffff;\n}\n<\/style>\n<div  class='avia-image-container av-lt1qo8qa-7be5e83326a18b4dd73a5768c7fd9ce4 av-styling- av-img-linked avia-align-center  avia-builder-el-24  el_before_av_heading  avia-builder-el-first '   itemprop=\"image\" itemscope=\"itemscope\" itemtype=\"https:\/\/schema.org\/ImageObject\" ><div class=\"avia-image-container-inner\"><div class=\"avia-image-overlay-wrap\"><a href=\"https:\/\/marxantsdemuntanyes.cat\/es\/servicios\/formacion-de-montana\/\" class='avia_image '  aria-label='IMG_20230103_110022'><img decoding=\"async\" fetchpriority=\"high\" class='wp-image-1149 avia-img-lazy-loading-not-1149 avia_image ' src=\"https:\/\/marxantsdemuntanyes.cat\/wp-content\/uploads\/2024\/02\/IMG_20230103_110022-180x180.jpg\" alt='' title='IMG_20230103_110022'  height=\"180\" width=\"180\"  itemprop=\"thumbnailUrl\" srcset=\"https:\/\/marxantsdemuntanyes.cat\/wp-content\/uploads\/2024\/02\/IMG_20230103_110022-180x180.jpg 180w, https:\/\/marxantsdemuntanyes.cat\/wp-content\/uploads\/2024\/02\/IMG_20230103_110022-80x80.jpg 80w, https:\/\/marxantsdemuntanyes.cat\/wp-content\/uploads\/2024\/02\/IMG_20230103_110022-36x36.jpg 36w\" sizes=\"(max-width: 180px) 100vw, 180px\" \/><\/a><\/div><\/div><\/div><br \/>\n\n<style type=\"text\/css\" data-created_by=\"avia_inline_auto\" id=\"style-css-av-lt1qc97u-e0e459e858493aa82de09172d87b9573\">\n#top .av-special-heading.av-lt1qc97u-e0e459e858493aa82de09172d87b9573{\npadding-bottom:10px;\n}\nbody .av-special-heading.av-lt1qc97u-e0e459e858493aa82de09172d87b9573 .av-special-heading-tag .heading-char{\nfont-size:25px;\n}\n.av-special-heading.av-lt1qc97u-e0e459e858493aa82de09172d87b9573 .av-subheading{\nfont-size:15px;\n}\n<\/style>\n<div  class='av-special-heading av-lt1qc97u-e0e459e858493aa82de09172d87b9573 av-special-heading-h2 blockquote modern-quote modern-centered  avia-builder-el-25  el_after_av_image  el_before_av_textblock '><h2 class='av-special-heading-tag '  itemprop=\"headline\"  >RAQUETAS DE NIEVE<\/h2><div class=\"special-heading-border\"><div class=\"special-heading-inner-border\"><\/div><\/div><\/div><br \/>\n<section  class='av_textblock_section av-av_textblock-32af9c344aeda5838e62bcf702809feb '   itemscope=\"itemscope\" itemtype=\"https:\/\/schema.org\/CreativeWork\" ><div class='avia_textblock'  itemprop=\"text\" ><p style=\"text-align: center;\">Te acompa\u00f1amos a vivir tu experiencia en tu primer barranco o tambi\u00e9n a lograr alg\u00fan barranco en concreto que quieras realizar ya sea en el Pirineo, la Sierra de Guara&#8230;\u00a0 Con nosotros aprender\u00e1s a moverte por este medio acu\u00e1tico y te lo vas a pasar muy bien contacta con nosotros!<\/p>\n<p style=\"text-align: center;\"><a href=\"https:\/\/marxantsdemuntanyes.cat\/pagina-en-construccio\/\">Mas informaci\u00f3n<\/a><\/p>\n<\/div><\/section><\/p><\/div><\/p>\n","protected":false},"excerpt":{"rendered":"","protected":false},"author":3,"featured_media":0,"parent":0,"menu_order":0,"comment_status":"closed","ping_status":"closed","template":"","meta":{"footnotes":""},"class_list":["post-549","page","type-page","status-publish","hentry"],"yoast_head":"<!-- This site is optimized with the Yoast SEO plugin v27.3 - https:\/\/yoast.com\/product\/yoast-seo-wordpress\/ -->\n<title>- Marxants de Muntanyes - Tursime i natura al Bergued\u00e0<\/title>\n<meta name=\"description\" content=\"Oferim serveis de guiatge en activitats al medi natural per tot el territori de Catalunya, el Pirineu... La nostre voluntat es oferir uns serveis de trekking, formacions i activitats propies aix\u00ed com ajudar a tot aquella persona interesada a realitzar algun projecte de muntanya...\" \/>\n<meta name=\"robots\" content=\"index, follow, max-snippet:-1, max-image-preview:large, max-video-preview:-1\" \/>\n<link rel=\"canonical\" href=\"https:\/\/marxantsdemuntanyes.cat\/es\/servicios\/\" \/>\n<meta property=\"og:locale\" content=\"es_ES\" \/>\n<meta property=\"og:type\" content=\"article\" \/>\n<meta property=\"og:title\" content=\"- Marxants de Muntanyes - Tursime i natura al Bergued\u00e0\" \/>\n<meta property=\"og:description\" content=\"Oferim serveis de guiatge en activitats al medi natural per tot el territori de Catalunya, el Pirineu... La nostre voluntat es oferir uns serveis de trekking, formacions i activitats propies aix\u00ed com ajudar a tot aquella persona interesada a realitzar algun projecte de muntanya...\" \/>\n<meta property=\"og:url\" content=\"https:\/\/marxantsdemuntanyes.cat\/es\/servicios\/\" \/>\n<meta property=\"og:site_name\" content=\"Marxants de muntanyes\" \/>\n<meta property=\"article:modified_time\" content=\"2024-02-25T16:48:44+00:00\" \/>\n<meta name=\"twitter:card\" content=\"summary_large_image\" \/>\n<meta name=\"twitter:label1\" content=\"Tiempo de lectura\" \/>\n\t<meta name=\"twitter:data1\" content=\"5 minutos\" \/>\n<script type=\"application\/ld+json\" class=\"yoast-schema-graph\">{\"@context\":\"https:\\\/\\\/schema.org\",\"@graph\":[{\"@type\":\"WebPage\",\"@id\":\"https:\\\/\\\/marxantsdemuntanyes.cat\\\/es\\\/servicios\\\/\",\"url\":\"https:\\\/\\\/marxantsdemuntanyes.cat\\\/es\\\/servicios\\\/\",\"name\":\"- Marxants de Muntanyes - Tursime i natura al Bergued\u00e0\",\"isPartOf\":{\"@id\":\"https:\\\/\\\/marxantsdemuntanyes.cat\\\/#website\"},\"datePublished\":\"2020-04-08T13:20:40+00:00\",\"dateModified\":\"2024-02-25T16:48:44+00:00\",\"description\":\"Oferim serveis de guiatge en activitats al medi natural per tot el territori de Catalunya, el Pirineu... La nostre voluntat es oferir uns serveis de trekking, formacions i activitats propies aix\u00ed com ajudar a tot aquella persona interesada a realitzar algun projecte de muntanya...\",\"breadcrumb\":{\"@id\":\"https:\\\/\\\/marxantsdemuntanyes.cat\\\/es\\\/servicios\\\/#breadcrumb\"},\"inLanguage\":\"es\",\"potentialAction\":[{\"@type\":\"ReadAction\",\"target\":[\"https:\\\/\\\/marxantsdemuntanyes.cat\\\/es\\\/servicios\\\/\"]}]},{\"@type\":\"BreadcrumbList\",\"@id\":\"https:\\\/\\\/marxantsdemuntanyes.cat\\\/es\\\/servicios\\\/#breadcrumb\",\"itemListElement\":[{\"@type\":\"ListItem\",\"position\":1,\"name\":\"Inici\",\"item\":\"https:\\\/\\\/marxantsdemuntanyes.cat\\\/inici\\\/\"},{\"@type\":\"ListItem\",\"position\":2,\"name\":\"Servicios\"}]},{\"@type\":\"WebSite\",\"@id\":\"https:\\\/\\\/marxantsdemuntanyes.cat\\\/#website\",\"url\":\"https:\\\/\\\/marxantsdemuntanyes.cat\\\/\",\"name\":\"Marxants de muntanyes\",\"description\":\"\",\"potentialAction\":[{\"@type\":\"SearchAction\",\"target\":{\"@type\":\"EntryPoint\",\"urlTemplate\":\"https:\\\/\\\/marxantsdemuntanyes.cat\\\/?s={search_term_string}\"},\"query-input\":{\"@type\":\"PropertyValueSpecification\",\"valueRequired\":true,\"valueName\":\"search_term_string\"}}],\"inLanguage\":\"es\"}]}<\/script>\n<!-- \/ Yoast SEO plugin. -->","yoast_head_json":{"title":"- Marxants de Muntanyes - Tursime i natura al Bergued\u00e0","description":"Oferim serveis de guiatge en activitats al medi natural per tot el territori de Catalunya, el Pirineu... La nostre voluntat es oferir uns serveis de trekking, formacions i activitats propies aix\u00ed com ajudar a tot aquella persona interesada a realitzar algun projecte de muntanya...","robots":{"index":"index","follow":"follow","max-snippet":"max-snippet:-1","max-image-preview":"max-image-preview:large","max-video-preview":"max-video-preview:-1"},"canonical":"https:\/\/marxantsdemuntanyes.cat\/es\/servicios\/","og_locale":"es_ES","og_type":"article","og_title":"- Marxants de Muntanyes - Tursime i natura al Bergued\u00e0","og_description":"Oferim serveis de guiatge en activitats al medi natural per tot el territori de Catalunya, el Pirineu... La nostre voluntat es oferir uns serveis de trekking, formacions i activitats propies aix\u00ed com ajudar a tot aquella persona interesada a realitzar algun projecte de muntanya...","og_url":"https:\/\/marxantsdemuntanyes.cat\/es\/servicios\/","og_site_name":"Marxants de muntanyes","article_modified_time":"2024-02-25T16:48:44+00:00","twitter_card":"summary_large_image","twitter_misc":{"Tiempo de lectura":"5 minutos"},"schema":{"@context":"https:\/\/schema.org","@graph":[{"@type":"WebPage","@id":"https:\/\/marxantsdemuntanyes.cat\/es\/servicios\/","url":"https:\/\/marxantsdemuntanyes.cat\/es\/servicios\/","name":"- Marxants de Muntanyes - Tursime i natura al Bergued\u00e0","isPartOf":{"@id":"https:\/\/marxantsdemuntanyes.cat\/#website"},"datePublished":"2020-04-08T13:20:40+00:00","dateModified":"2024-02-25T16:48:44+00:00","description":"Oferim serveis de guiatge en activitats al medi natural per tot el territori de Catalunya, el Pirineu... La nostre voluntat es oferir uns serveis de trekking, formacions i activitats propies aix\u00ed com ajudar a tot aquella persona interesada a realitzar algun projecte de muntanya...","breadcrumb":{"@id":"https:\/\/marxantsdemuntanyes.cat\/es\/servicios\/#breadcrumb"},"inLanguage":"es","potentialAction":[{"@type":"ReadAction","target":["https:\/\/marxantsdemuntanyes.cat\/es\/servicios\/"]}]},{"@type":"BreadcrumbList","@id":"https:\/\/marxantsdemuntanyes.cat\/es\/servicios\/#breadcrumb","itemListElement":[{"@type":"ListItem","position":1,"name":"Inici","item":"https:\/\/marxantsdemuntanyes.cat\/inici\/"},{"@type":"ListItem","position":2,"name":"Servicios"}]},{"@type":"WebSite","@id":"https:\/\/marxantsdemuntanyes.cat\/#website","url":"https:\/\/marxantsdemuntanyes.cat\/","name":"Marxants de muntanyes","description":"","potentialAction":[{"@type":"SearchAction","target":{"@type":"EntryPoint","urlTemplate":"https:\/\/marxantsdemuntanyes.cat\/?s={search_term_string}"},"query-input":{"@type":"PropertyValueSpecification","valueRequired":true,"valueName":"search_term_string"}}],"inLanguage":"es"}]}},"_links":{"self":[{"href":"https:\/\/marxantsdemuntanyes.cat\/es\/wp-json\/wp\/v2\/pages\/549","targetHints":{"allow":["GET"]}}],"collection":[{"href":"https:\/\/marxantsdemuntanyes.cat\/es\/wp-json\/wp\/v2\/pages"}],"about":[{"href":"https:\/\/marxantsdemuntanyes.cat\/es\/wp-json\/wp\/v2\/types\/page"}],"author":[{"embeddable":true,"href":"https:\/\/marxantsdemuntanyes.cat\/es\/wp-json\/wp\/v2\/users\/3"}],"replies":[{"embeddable":true,"href":"https:\/\/marxantsdemuntanyes.cat\/es\/wp-json\/wp\/v2\/comments?post=549"}],"version-history":[{"count":6,"href":"https:\/\/marxantsdemuntanyes.cat\/es\/wp-json\/wp\/v2\/pages\/549\/revisions"}],"predecessor-version":[{"id":1160,"href":"https:\/\/marxantsdemuntanyes.cat\/es\/wp-json\/wp\/v2\/pages\/549\/revisions\/1160"}],"wp:attachment":[{"href":"https:\/\/marxantsdemuntanyes.cat\/es\/wp-json\/wp\/v2\/media?parent=549"}],"curies":[{"name":"wp","href":"https:\/\/api.w.org\/{rel}","templated":true}]}}